{"id":5051,"date":"2024-02-06T15:52:04","date_gmt":"2024-02-06T14:52:04","guid":{"rendered":"https:\/\/mssdefence.com\/product\/pgd-frag-tactical-vest\/"},"modified":"2026-04-13T11:43:39","modified_gmt":"2026-04-13T09:43:39","slug":"pgd-frag-takti%cc%87k-yelek","status":"publish","type":"product","link":"https:\/\/mssdefence.com\/tr\/product\/pgd-frag-tactical-vest\/","title":{"rendered":"PGD FRAG Taktik Yelek | Protection Group Denmark | MSS Defence"},"content":{"rendered":"<div>\n<h1 style=\"margin: 0 0 16px 0;\"><strong>PGD FRAG Taktik Yelek - Koruma<span style=\"color: #ff0000;\">.<\/span><\/strong><\/h1>\n<p style=\"margin: 0 0 16px 0;\"><strong>PGD FRAG Taktik Yelek<\/strong> Danimarka'da Protection Group Denmark taraf\u0131ndan \u00fcretilen STANAG2920 ve NIJ 0101.04 IIIA sertifikalar\u0131na sahip bir par\u00e7alanmaya kar\u015f\u0131 koruyucu yelektir. Bu yelek, par\u00e7alanma ve balistik tehditlere kar\u015f\u0131 g\u00fcvenilir koruma gerektiren askeri ve g\u00fcvenlik personeli i\u00e7in tasarlanm\u0131\u015ft\u0131r. Kapsaml\u0131 koruma ile \u00e7e\u015fitli operasyonel ihtiya\u00e7lara uyacak \u015fekilde \u00f6zelle\u015ftirilebilir \u00f6zellikleri bir araya getirir.<\/p>\n<h5 style=\"margin: 0 0 8px 0;\"><strong>Operasyonel Genel Bak\u0131\u015f:<\/strong><\/h5>\n<p style=\"margin: 0 0 16px 0;\"><strong>PGD FRAG Taktik Yelek<\/strong> y\u00fcksek riskli ortamlarda etkili koruma sa\u011flar. Ergonomik tasar\u0131m\u0131 rahat bir uyum sa\u011flayarak hareketlilik ve \u00e7evikli\u011fe olanak tan\u0131r. Yele\u011fin esnek balistik yumu\u015fak z\u0131rh\u0131 360\u00b0 koruma sa\u011flarken, sert z\u0131rh plakalar\u0131 ekleme se\u00e7ene\u011fi daha y\u00fcksek kalibreli tehditlere kar\u015f\u0131 savunmay\u0131 geli\u015ftirir. MOLLE dokuma ile \u00f6zelle\u015ftirilebilir \u00f6n k\u0131s\u0131m, ek te\u00e7hizat\u0131n kolayca tak\u0131lmas\u0131na olanak tan\u0131r.<\/p>\n<h5 style=\"margin: 0 0 8px 0;\"><strong>Uygulamalar:<\/strong><\/h5>\n<ul style=\"margin: 0 0 16px 20px; padding: 0;\">\n<li style=\"margin: 0 0 6px 0;\">Par\u00e7alanma ve balistik koruma gerektiren askeri operasyonlar<\/li>\n<li style=\"margin: 0 0 6px 0;\">Y\u00fcksek tehdit i\u00e7eren ortamlarda g\u00fcvenlik personeli<\/li>\n<li style=\"margin: 0 0 6px 0;\">Taktik kanun uygulama g\u00f6revleri<\/li>\n<li style=\"margin: 0 0 6px 0;\">\u00c7at\u0131\u015fma b\u00f6lgelerinde bar\u0131\u015f\u0131 koruma g\u00fc\u00e7leri<\/li>\n<li style=\"margin: 0;\">VIP koruma detaylar\u0131<\/li>\n<\/ul>\n<h5 style=\"margin: 0 0 8px 0;\"><strong>Temel \u00d6zellikler:<\/strong><\/h5>\n<ul style=\"margin: 0 0 16px 20px; padding: 0;\">\n<li style=\"margin: 0 0 6px 0;\"><strong>STANAG2920 Koruma:<\/strong> Par\u00e7alanma direnci i\u00e7in onaylanm\u0131\u015ft\u0131r.<\/li>\n<li style=\"margin: 0 0 6px 0;\"><strong>NIJ IIIA Balistik De\u011ferlendirme:<\/strong> .44 magnuma kadar tabancalara kar\u015f\u0131 koruma sa\u011flar.<\/li>\n<li style=\"margin: 0 0 6px 0;\"><strong>360\u00b0 Koruma:<\/strong> Esnek balistik yumu\u015fak z\u0131rh ile tam koruma.<\/li>\n<li style=\"margin: 0 0 6px 0;\"><strong>Plaka Uyumlulu\u011fu:<\/strong> Ek sert z\u0131rh plakalar\u0131n\u0131 bar\u0131nd\u0131r\u0131r.<\/li>\n<li style=\"margin: 0 0 6px 0;\"><strong>\u00d6zelle\u015ftirilebilir \u00d6n:<\/strong> Te\u00e7hizat ba\u011flant\u0131s\u0131 i\u00e7in gizli MOLLE dokuma.<\/li>\n<li style=\"margin: 0 0 6px 0;\"><strong>Ergonomik Kesim:<\/strong> Konfor ve hareketlilik i\u00e7in v\u00fccuda uyum sa\u011flar.<\/li>\n<li style=\"margin: 0 0 6px 0;\"><strong>Renk Se\u00e7enekleri:<\/strong> Siyah, Multicam, Ranger Green, Coyote Brown, MO5 renkleri mevcuttur.<\/li>\n<li style=\"margin: 0;\"><strong>Boyut Aral\u0131\u011f\u0131:<\/strong> \u00c7e\u015fitli v\u00fccut tipleri i\u00e7in Small'dan XXX-Large'a kadar bedenler.<\/li>\n<\/ul>\n<h5 style=\"margin: 0 0 8px 0;\"><strong>Protection Group Denmark - \u00dcretici:<\/strong><\/h5>\n<p style=\"margin: 0 0 20px 0;\">Merkezi Danimarka'da bulunan Protection Group Denmark, askeri ve g\u00fcvenlik uygulamalar\u0131 i\u00e7in y\u00fcksek kaliteli koruyucu donan\u0131m geli\u015ftirme konusunda uzmanla\u015fm\u0131\u015ft\u0131r. \u00dcr\u00fcnleri, kat\u0131 uluslararas\u0131 standartlar\u0131 kar\u015f\u0131lamas\u0131 ve zorlu ortamlarda g\u00fcvenilir koruma sa\u011flamas\u0131yla bilinir.<\/p>\n<hr style=\"margin: 0 0 20px 0;\" \/>\n<h3 style=\"margin: 0 0 12px 0;\"><strong>S\u0131k\u00e7a Sorulan Sorular<span style=\"color: #ff0000;\">.<\/span><\/strong><\/h3>\n<ol style=\"margin: 0 0 0 0; padding-left: 20px;\">\n<li style=\"margin: 0 0 16px 0;\"><strong>PGD FRAG Taktik Yelek hangi standartlar\u0131 kar\u015f\u0131l\u0131yor?<\/strong><br \/>\nYelek, par\u00e7alanma i\u00e7in STANAG2920 ve balistik diren\u00e7 i\u00e7in NIJ 0101.04 IIIA standartlar\u0131n\u0131 kar\u015f\u0131layarak kapsaml\u0131 koruma sa\u011flar.<\/li>\n<li style=\"margin: 0 0 16px 0;\"><strong>Yele\u011fe ek z\u0131rh plakalar\u0131 yerle\u015ftirilebilir mi?<\/strong><br \/>\nEvet, yelek daha y\u00fcksek kalibreli tehditlere kar\u015f\u0131 geli\u015fmi\u015f koruma i\u00e7in \u00f6n, arka ve iste\u011fe ba\u011fl\u0131 yan plakalar\u0131 destekler.<\/li>\n<li style=\"margin: 0 0 16px 0;\"><strong>PGD FRAG Taktik Yelek i\u00e7in hangi bedenler mevcuttur?<\/strong><br \/>\nYelek, \u00e7e\u015fitli v\u00fccut tiplerine hitap eden ve uygun bir uyum sa\u011flayan Small ila XXX-Large bedenlerinde mevcuttur.<\/li>\n<li style=\"margin: 0 0 16px 0;\"><strong>Yelek askeri operasyonlar i\u00e7in uygun mu?<\/strong><br \/>\nEvet, yelek askeri ve g\u00fcvenlik personeli i\u00e7in tasarlanm\u0131\u015ft\u0131r ve y\u00fcksek riskli ortamlarda etkili koruma sa\u011flar.<\/li>\n<li style=\"margin: 0;\"><strong>Hangi renkler aras\u0131ndan se\u00e7im yapabilirim?<\/strong><br \/>\nYele\u011fin Siyah, Multicam, Ranger Green, Coyote Brown ve MO5 renkleri mevcuttur ve operasyonel \u00e7ok y\u00f6nl\u00fcl\u00fck sa\u011flar.<\/li>\n<\/ol>\n<\/div>","protected":false},"excerpt":{"rendered":"<p><strong>PGD FRAG Taktik Yelek<\/strong> Protection Group Denmark taraf\u0131ndan \u00fcretilen, STANAG2920 ve NIJ IIIA standartlar\u0131n\u0131 kar\u015f\u0131layan bir par\u00e7alanmaya kar\u015f\u0131 koruyucu yelektir. Askeri ve g\u00fcvenlik personeli i\u00e7in tasarlanm\u0131\u015f olup kapsaml\u0131 koruma ve ki\u015fiselle\u015ftirilebilir \u00f6zellikler sunar.<\/p>","protected":false},"featured_media":5177,"comment_status":"closed","ping_status":"closed","template":"","meta":{"_acf_changed":false},"product_brand":[],"product_cat":[58],"product_tag":[],"class_list":["post-5051","product","type-product","status-publish","has-post-thumbnail","product_cat-protection","pa_brand-protection-group-denmark","first","instock","product-type-simple"],"acf":[],"yoast_head":"<!-- This site is optimized with the Yoast SEO plugin v28.3 - https:\/\/yoast.com\/product\/yoast-seo-wordpress\/ -->\n<title>PGD FRAG Tactical Vest | Protection Group Denmark | MSS Defence | MSS Defence<\/title>\n<meta name=\"description\" content=\"The PGD FRAG vest for military and security personnel. STANAG2920 \u00b7 NIJ IIIA \u00b7 Customisable front. Enquire at MSS Defence.\" \/>\n<meta name=\"robots\" content=\"index, follow, max-snippet:-1, max-image-preview:large, max-video-preview:-1\" \/>\n<link rel=\"canonical\" href=\"https:\/\/mssdefence.com\/tr\/urun\/pgd-frag-takti\u0307k-yelek\/\" \/>\n<meta property=\"og:locale\" content=\"tr_TR\" \/>\n<meta property=\"og:type\" content=\"article\" \/>\n<meta property=\"og:title\" content=\"PGD FRAG Tactical Vest | Protection Group Denmark | MSS Defence | MSS Defence\" \/>\n<meta property=\"og:description\" content=\"The PGD FRAG vest for military and security personnel. STANAG2920 \u00b7 NIJ IIIA \u00b7 Customisable front. Enquire at MSS Defence.\" \/>\n<meta property=\"og:url\" content=\"https:\/\/mssdefence.com\/tr\/urun\/pgd-frag-takti\u0307k-yelek\/\" \/>\n<meta property=\"og:site_name\" content=\"MSS Defence\" \/>\n<meta property=\"article:modified_time\" content=\"2026-04-13T09:43:39+00:00\" \/>\n<meta property=\"og:image\" content=\"https:\/\/mssdefence.com\/wp-content\/uploads\/2024\/01\/PROT_PDG_BAH_011_A.webp\" \/>\n\t<meta property=\"og:image:width\" content=\"1500\" \/>\n\t<meta property=\"og:image:height\" content=\"1500\" \/>\n\t<meta property=\"og:image:type\" content=\"image\/webp\" \/>\n<meta name=\"twitter:card\" content=\"summary_large_image\" \/>\n<meta name=\"twitter:label1\" content=\"Tahmini okuma s\u00fcresi\" \/>\n\t<meta name=\"twitter:data1\" content=\"2 dakika\" \/>\n<script type=\"application\/ld+json\" class=\"yoast-schema-graph\">{\"@context\":\"https:\\\/\\\/schema.org\",\"@graph\":[{\"@type\":\"WebPage\",\"@id\":\"https:\\\/\\\/mssdefence.com\\\/product\\\/pgd-frag-tactical-vest\\\/\",\"url\":\"https:\\\/\\\/mssdefence.com\\\/product\\\/pgd-frag-tactical-vest\\\/\",\"name\":\"PGD FRAG Tactical Vest | Protection Group Denmark | MSS Defence | MSS Defence\",\"isPartOf\":{\"@id\":\"https:\\\/\\\/mssdefence.com\\\/#website\"},\"primaryImageOfPage\":{\"@id\":\"https:\\\/\\\/mssdefence.com\\\/product\\\/pgd-frag-tactical-vest\\\/#primaryimage\"},\"image\":{\"@id\":\"https:\\\/\\\/mssdefence.com\\\/product\\\/pgd-frag-tactical-vest\\\/#primaryimage\"},\"thumbnailUrl\":\"https:\\\/\\\/mssdefence.com\\\/wp-content\\\/uploads\\\/2024\\\/01\\\/PROT_PDG_BAH_011_A.webp\",\"datePublished\":\"2024-02-06T14:52:04+00:00\",\"dateModified\":\"2026-04-13T09:43:39+00:00\",\"description\":\"The PGD FRAG vest for military and security personnel. STANAG2920 \u00b7 NIJ IIIA \u00b7 Customisable front. Enquire at MSS Defence.\",\"breadcrumb\":{\"@id\":\"https:\\\/\\\/mssdefence.com\\\/product\\\/pgd-frag-tactical-vest\\\/#breadcrumb\"},\"inLanguage\":\"tr\",\"potentialAction\":[{\"@type\":\"ReadAction\",\"target\":[\"https:\\\/\\\/mssdefence.com\\\/product\\\/pgd-frag-tactical-vest\\\/\"]}]},{\"@type\":\"ImageObject\",\"inLanguage\":\"tr\",\"@id\":\"https:\\\/\\\/mssdefence.com\\\/product\\\/pgd-frag-tactical-vest\\\/#primaryimage\",\"url\":\"https:\\\/\\\/mssdefence.com\\\/wp-content\\\/uploads\\\/2024\\\/01\\\/PROT_PDG_BAH_011_A.webp\",\"contentUrl\":\"https:\\\/\\\/mssdefence.com\\\/wp-content\\\/uploads\\\/2024\\\/01\\\/PROT_PDG_BAH_011_A.webp\",\"width\":1500,\"height\":1500,\"caption\":\"PGD FRAG Tactical Vest front view, camouflage pattern, shoulder straps.\"},{\"@type\":\"BreadcrumbList\",\"@id\":\"https:\\\/\\\/mssdefence.com\\\/product\\\/pgd-frag-tactical-vest\\\/#breadcrumb\",\"itemListElement\":[{\"@type\":\"ListItem\",\"position\":1,\"name\":\"Home\",\"item\":\"https:\\\/\\\/mssdefence.com\\\/\"},{\"@type\":\"ListItem\",\"position\":2,\"name\":\"Catalogue NEW\",\"item\":\"https:\\\/\\\/mssdefence.com\\\/catalogue-new\\\/\"},{\"@type\":\"ListItem\",\"position\":3,\"name\":\"PGD FRAG Tactical Vest | Protection Group Denmark | MSS Defence\"}]},{\"@type\":\"WebSite\",\"@id\":\"https:\\\/\\\/mssdefence.com\\\/#website\",\"url\":\"https:\\\/\\\/mssdefence.com\\\/\",\"name\":\"MSS Defence\",\"description\":\"\",\"potentialAction\":[{\"@type\":\"SearchAction\",\"target\":{\"@type\":\"EntryPoint\",\"urlTemplate\":\"https:\\\/\\\/mssdefence.com\\\/?s={search_term_string}\"},\"query-input\":{\"@type\":\"PropertyValueSpecification\",\"valueRequired\":true,\"valueName\":\"search_term_string\"}}],\"inLanguage\":\"tr\"}]}<\/script>\n<!-- \/ Yoast SEO plugin. -->","yoast_head_json":{"title":"PGD FRAG Taktik Yelek | Protection Group Denmark | MSS Defence | MSS Defence","description":"Askeri ve g\u00fcvenlik personeli i\u00e7in PGD FRAG yele\u011fi. STANAG2920 - NIJ IIIA - \u00d6zelle\u015ftirilebilir \u00f6n k\u0131s\u0131m. MSS Savunma'dan bilgi al\u0131n.","robots":{"index":"index","follow":"follow","max-snippet":"max-snippet:-1","max-image-preview":"max-image-preview:large","max-video-preview":"max-video-preview:-1"},"canonical":"https:\/\/mssdefence.com\/tr\/urun\/pgd-frag-takti\u0307k-yelek\/","og_locale":"tr_TR","og_type":"article","og_title":"PGD FRAG Tactical Vest | Protection Group Denmark | MSS Defence | MSS Defence","og_description":"The PGD FRAG vest for military and security personnel. STANAG2920 \u00b7 NIJ IIIA \u00b7 Customisable front. Enquire at MSS Defence.","og_url":"https:\/\/mssdefence.com\/tr\/urun\/pgd-frag-takti\u0307k-yelek\/","og_site_name":"MSS Defence","article_modified_time":"2026-04-13T09:43:39+00:00","og_image":[{"width":1500,"height":1500,"url":"https:\/\/mssdefence.com\/wp-content\/uploads\/2024\/01\/PROT_PDG_BAH_011_A.webp","type":"image\/webp"}],"twitter_card":"summary_large_image","twitter_misc":{"Tahmini okuma s\u00fcresi":"2 dakika"},"schema":{"@context":"https:\/\/schema.org","@graph":[{"@type":"WebPage","@id":"https:\/\/mssdefence.com\/product\/pgd-frag-tactical-vest\/","url":"https:\/\/mssdefence.com\/product\/pgd-frag-tactical-vest\/","name":"PGD FRAG Taktik Yelek | Protection Group Denmark | MSS Defence | MSS Defence","isPartOf":{"@id":"https:\/\/mssdefence.com\/#website"},"primaryImageOfPage":{"@id":"https:\/\/mssdefence.com\/product\/pgd-frag-tactical-vest\/#primaryimage"},"image":{"@id":"https:\/\/mssdefence.com\/product\/pgd-frag-tactical-vest\/#primaryimage"},"thumbnailUrl":"https:\/\/mssdefence.com\/wp-content\/uploads\/2024\/01\/PROT_PDG_BAH_011_A.webp","datePublished":"2024-02-06T14:52:04+00:00","dateModified":"2026-04-13T09:43:39+00:00","description":"Askeri ve g\u00fcvenlik personeli i\u00e7in PGD FRAG yele\u011fi. STANAG2920 - NIJ IIIA - \u00d6zelle\u015ftirilebilir \u00f6n k\u0131s\u0131m. MSS Savunma'dan bilgi al\u0131n.","breadcrumb":{"@id":"https:\/\/mssdefence.com\/product\/pgd-frag-tactical-vest\/#breadcrumb"},"inLanguage":"tr","potentialAction":[{"@type":"ReadAction","target":["https:\/\/mssdefence.com\/product\/pgd-frag-tactical-vest\/"]}]},{"@type":"ImageObject","inLanguage":"tr","@id":"https:\/\/mssdefence.com\/product\/pgd-frag-tactical-vest\/#primaryimage","url":"https:\/\/mssdefence.com\/wp-content\/uploads\/2024\/01\/PROT_PDG_BAH_011_A.webp","contentUrl":"https:\/\/mssdefence.com\/wp-content\/uploads\/2024\/01\/PROT_PDG_BAH_011_A.webp","width":1500,"height":1500,"caption":"PGD FRAG Tactical Vest front view, camouflage pattern, shoulder straps."},{"@type":"BreadcrumbList","@id":"https:\/\/mssdefence.com\/product\/pgd-frag-tactical-vest\/#breadcrumb","itemListElement":[{"@type":"ListItem","position":1,"name":"Home","item":"https:\/\/mssdefence.com\/"},{"@type":"ListItem","position":2,"name":"Catalogue NEW","item":"https:\/\/mssdefence.com\/catalogue-new\/"},{"@type":"ListItem","position":3,"name":"PGD FRAG Tactical Vest | Protection Group Denmark | MSS Defence"}]},{"@type":"WebSite","@id":"https:\/\/mssdefence.com\/#website","url":"https:\/\/mssdefence.com\/","name":"MSS Savunma","description":"","potentialAction":[{"@type":"SearchAction","target":{"@type":"EntryPoint","urlTemplate":"https:\/\/mssdefence.com\/?s={search_term_string}"},"query-input":{"@type":"PropertyValueSpecification","valueRequired":true,"valueName":"search_term_string"}}],"inLanguage":"tr"}]}},"_links":{"self":[{"href":"https:\/\/mssdefence.com\/tr\/wp-json\/wp\/v2\/product\/5051","targetHints":{"allow":["GET"]}}],"collection":[{"href":"https:\/\/mssdefence.com\/tr\/wp-json\/wp\/v2\/product"}],"about":[{"href":"https:\/\/mssdefence.com\/tr\/wp-json\/wp\/v2\/types\/product"}],"replies":[{"embeddable":true,"href":"https:\/\/mssdefence.com\/tr\/wp-json\/wp\/v2\/comments?post=5051"}],"wp:featuredmedia":[{"embeddable":true,"href":"https:\/\/mssdefence.com\/tr\/wp-json\/wp\/v2\/media\/5177"}],"wp:attachment":[{"href":"https:\/\/mssdefence.com\/tr\/wp-json\/wp\/v2\/media?parent=5051"}],"wp:term":[{"taxonomy":"product_brand","embeddable":true,"href":"https:\/\/mssdefence.com\/tr\/wp-json\/wp\/v2\/product_brand?post=5051"},{"taxonomy":"product_cat","embeddable":true,"href":"https:\/\/mssdefence.com\/tr\/wp-json\/wp\/v2\/product_cat?post=5051"},{"taxonomy":"product_tag","embeddable":true,"href":"https:\/\/mssdefence.com\/tr\/wp-json\/wp\/v2\/product_tag?post=5051"}],"curies":[{"name":"wp","href":"https:\/\/api.w.org\/{rel}","templated":true}]}}