{"id":5051,"date":"2024-02-06T15:52:04","date_gmt":"2024-02-06T14:52:04","guid":{"rendered":"https:\/\/mssdefence.com\/product\/pgd-frag-tactical-vest\/"},"modified":"2026-04-13T11:43:39","modified_gmt":"2026-04-13T09:43:39","slug":"pgd-frag-taktikai-melleny","status":"publish","type":"product","link":"https:\/\/mssdefence.com\/hu\/product\/pgd-frag-tactical-vest\/","title":{"rendered":"PGD FRAG taktikai mell\u00e9ny | Protection Group Denmark | MSS Defence"},"content":{"rendered":"<div>\n<h1 style=\"margin: 0 0 16px 0;\"><strong>PGD FRAG taktikai mell\u00e9ny - v\u00e9delem<span style=\"color: #ff0000;\">.<\/span><\/strong><\/h1>\n<p style=\"margin: 0 0 16px 0;\"><strong>A PGD FRAG taktikai mell\u00e9ny<\/strong> egy STANAG2920 \u00e9s NIJ 0101.04 IIIA tan\u00fas\u00edtv\u00e1nnyal rendelkez\u0151 repeszv\u00e9d\u0151 mell\u00e9ny, amelyet a d\u00e1niai Protection Group Denmark gy\u00e1rt. Ezt a mell\u00e9nyt olyan katonai \u00e9s biztons\u00e1gi szem\u00e9lyzet sz\u00e1m\u00e1ra tervezt\u00e9k, akiknek megb\u00edzhat\u00f3 v\u00e9delemre van sz\u00fcks\u00e9g\u00fck a szil\u00e1nkok \u00e9s ballisztikus fenyeget\u00e9sek ellen. \u00c1tfog\u00f3 v\u00e9delmet kombin\u00e1l a k\u00fcl\u00f6nb\u00f6z\u0151 operat\u00edv ig\u00e9nyeknek megfelel\u0151, testre szabhat\u00f3 funkci\u00f3kkal.<\/p>\n<h5 style=\"margin: 0 0 8px 0;\"><strong>Operat\u00edv \u00e1ttekint\u00e9s:<\/strong><\/h5>\n<p style=\"margin: 0 0 16px 0;\"><strong>A PGD FRAG taktikai mell\u00e9ny<\/strong> hat\u00e9kony v\u00e9delmet ny\u00fajt a magas kock\u00e1zat\u00fa k\u00f6rnyezetekben. Ergonomikus kialak\u00edt\u00e1sa k\u00e9nyelmes viseletet biztos\u00edt, lehet\u0151v\u00e9 t\u00e9ve a mobilit\u00e1st \u00e9s a mozg\u00e9konys\u00e1got. A mell\u00e9ny rugalmas ballisztikus l\u00e1gy p\u00e1nc\u00e9lzata 360\u00b0-os v\u00e9delmet ny\u00fajt, m\u00edg a kem\u00e9ny p\u00e1nc\u00e9llemezek hozz\u00e1ad\u00e1s\u00e1nak lehet\u0151s\u00e9ge fokozza a v\u00e9delmet a nagyobb kaliber\u0171 fenyeget\u00e9sekkel szemben. A MOLLE hevederekkel ell\u00e1tott, testre szabhat\u00f3 el\u00fcls\u0151 r\u00e9sz lehet\u0151v\u00e9 teszi tov\u00e1bbi felszerel\u00e9sek egyszer\u0171 r\u00f6gz\u00edt\u00e9s\u00e9t.<\/p>\n<h5 style=\"margin: 0 0 8px 0;\"><strong>Alkalmaz\u00e1sok:<\/strong><\/h5>\n<ul style=\"margin: 0 0 16px 20px; padding: 0;\">\n<li style=\"margin: 0 0 6px 0;\">Szil\u00e1nk- \u00e9s ballisztikai v\u00e9delmet ig\u00e9nyl\u0151 katonai m\u0171veletek<\/li>\n<li style=\"margin: 0 0 6px 0;\">Biztons\u00e1gi szem\u00e9lyzet magas fenyegetetts\u00e9g\u0171 k\u00f6rnyezetben<\/li>\n<li style=\"margin: 0 0 6px 0;\">Taktikai b\u0171n\u00fcld\u00f6z\u00e9si feladatok<\/li>\n<li style=\"margin: 0 0 6px 0;\">B\u00e9kefenntart\u00f3 er\u0151k a konfliktus\u00f6vezetekben<\/li>\n<li style=\"margin: 0;\">VIP v\u00e9delem r\u00e9szletei<\/li>\n<\/ul>\n<h5 style=\"margin: 0 0 8px 0;\"><strong>Kulcsfontoss\u00e1g\u00fa jellemz\u0151k:<\/strong><\/h5>\n<ul style=\"margin: 0 0 16px 20px; padding: 0;\">\n<li style=\"margin: 0 0 6px 0;\"><strong>STANAG2920 V\u00e9delem:<\/strong> Tan\u00fas\u00edtott szil\u00e1nk\u00e1ll\u00f3s\u00e1g.<\/li>\n<li style=\"margin: 0 0 6px 0;\"><strong>NIJ IIIA ballisztikus min\u0151s\u00edt\u00e9s:<\/strong> V\u00e9d a .44 magnumig terjed\u0151 pisztolyok ellen.<\/li>\n<li style=\"margin: 0 0 6px 0;\"><strong>360\u00b0-os v\u00e9delem:<\/strong> Teljes lefedetts\u00e9g rugalmas ballisztikus puha p\u00e1nc\u00e9lzattal.<\/li>\n<li style=\"margin: 0 0 6px 0;\"><strong>Lemezkompatibilit\u00e1s:<\/strong> Tov\u00e1bbi kem\u00e9ny p\u00e1nc\u00e9llemezek befogad\u00e1s\u00e1ra alkalmas.<\/li>\n<li style=\"margin: 0 0 6px 0;\"><strong>Testreszabhat\u00f3 el\u0151lap:<\/strong> Rejtett MOLLE heveder a felszerel\u00e9s r\u00f6gz\u00edt\u00e9s\u00e9hez.<\/li>\n<li style=\"margin: 0 0 6px 0;\"><strong>Ergonomikus v\u00e1g\u00e1s:<\/strong> A k\u00e9nyelem \u00e9s a mobilit\u00e1s \u00e9rdek\u00e9ben a testhez simul.<\/li>\n<li style=\"margin: 0 0 6px 0;\"><strong>Sz\u00ednv\u00e1laszt\u00e9k:<\/strong> Fekete, Multicam, Ranger Green, Coyote Brown, MO5 sz\u00ednekben kaphat\u00f3.<\/li>\n<li style=\"margin: 0;\"><strong>M\u00e9rettartom\u00e1ny:<\/strong> Small \u00e9s XXX-Large k\u00f6z\u00f6tti m\u00e9retek k\u00fcl\u00f6nb\u00f6z\u0151 testalkatokhoz.<\/li>\n<\/ul>\n<h5 style=\"margin: 0 0 8px 0;\"><strong>Protection Group Denmark - Gy\u00e1rt\u00f3:<\/strong><\/h5>\n<p style=\"margin: 0 0 20px 0;\">A d\u00e1niai sz\u00e9khely\u0171 Protection Group Denmark kiv\u00e1l\u00f3 min\u0151s\u00e9g\u0171 v\u00e9d\u0151felszerel\u00e9sek fejleszt\u00e9s\u00e9re specializ\u00e1l\u00f3dott katonai \u00e9s biztons\u00e1gi alkalmaz\u00e1sokhoz. Term\u00e9keik arr\u00f3l ismertek, hogy megfelelnek a szigor\u00fa nemzetk\u00f6zi szabv\u00e1nyoknak, \u00e9s megb\u00edzhat\u00f3 v\u00e9delmet ny\u00fajtanak kih\u00edv\u00e1st jelent\u0151 k\u00f6rnyezetben.<\/p>\n<hr style=\"margin: 0 0 20px 0;\" \/>\n<h3 style=\"margin: 0 0 12px 0;\"><strong>Gyakran ism\u00e9telt k\u00e9rd\u00e9sek<span style=\"color: #ff0000;\">.<\/span><\/strong><\/h3>\n<ol style=\"margin: 0 0 0 0; padding-left: 20px;\">\n<li style=\"margin: 0 0 16px 0;\"><strong>Milyen szabv\u00e1nyoknak felel meg a PGD FRAG taktikai mell\u00e9ny?<\/strong><br \/>\nA mell\u00e9ny megfelel a STANAG2920 szabv\u00e1nynak a szil\u00e1nkok elleni v\u00e9delem \u00e9s az NIJ 0101.04 IIIA szabv\u00e1nynak a ballisztikai ellen\u00e1ll\u00e1s tekintet\u00e9ben, \u00edgy \u00e1tfog\u00f3 v\u00e9delmet biztos\u00edt.<\/li>\n<li style=\"margin: 0 0 16px 0;\"><strong>Bef\u00e9rnek-e a mell\u00e9nybe tov\u00e1bbi p\u00e1nc\u00e9llemezek?<\/strong><br \/>\nIgen, a mell\u00e9ny t\u00e1mogatja az el\u00fcls\u0151, h\u00e1ts\u00f3 \u00e9s opcion\u00e1lis oldals\u00f3 lemezeket a nagyobb kaliber\u0171 fenyeget\u00e9sek elleni fokozott v\u00e9delem \u00e9rdek\u00e9ben.<\/li>\n<li style=\"margin: 0 0 16px 0;\"><strong>Milyen m\u00e9retekben kaphat\u00f3 a PGD FRAG taktikai mell\u00e9ny?<\/strong><br \/>\nA mell\u00e9ny Small \u00e9s XXX-Large m\u00e9retekben kaphat\u00f3, \u00edgy a k\u00fcl\u00f6nb\u00f6z\u0151 testalkat\u00faaknak is megfelel, \u00e9s biztos\u00edtja a megfelel\u0151 illeszked\u00e9st.<\/li>\n<li style=\"margin: 0 0 16px 0;\"><strong>Alkalmas-e a mell\u00e9ny katonai m\u0171veletekre?<\/strong><br \/>\nIgen, a mell\u00e9nyt katonai \u00e9s biztons\u00e1gi szem\u00e9lyzet sz\u00e1m\u00e1ra tervezt\u00e9k, hat\u00e9kony v\u00e9delmet ny\u00fajtva a magas kock\u00e1zat\u00fa k\u00f6rnyezetben.<\/li>\n<li style=\"margin: 0;\"><strong>Milyen sz\u00ednek k\u00f6z\u00fcl v\u00e1laszthatok?<\/strong><br \/>\nA mell\u00e9ny fekete, Multicam, Ranger Green, Coyote Brown \u00e9s MO5 sz\u00ednekben kaphat\u00f3, \u00edgy sokoldal\u00faan alkalmazhat\u00f3.<\/li>\n<\/ol>\n<\/div>","protected":false},"excerpt":{"rendered":"<p><strong>A PGD FRAG taktikai mell\u00e9ny<\/strong> a d\u00e1n Protection Group \u00e1ltal gy\u00e1rtott, a STANAG2920 \u00e9s NIJ IIIA szabv\u00e1nyoknak megfelel\u0151 repeszv\u00e9d\u0151 mell\u00e9ny. Katonai \u00e9s biztons\u00e1gi szem\u00e9lyzet sz\u00e1m\u00e1ra tervezt\u00e9k, \u00e1tfog\u00f3 v\u00e9delmet \u00e9s testre szabhat\u00f3 funkci\u00f3kat k\u00edn\u00e1l.<\/p>","protected":false},"featured_media":5177,"comment_status":"closed","ping_status":"closed","template":"","meta":{"_acf_changed":false},"product_brand":[],"product_cat":[58],"product_tag":[],"class_list":["post-5051","product","type-product","status-publish","has-post-thumbnail","product_cat-protection","pa_brand-protection-group-denmark","first","instock","product-type-simple"],"acf":[],"yoast_head":"<!-- This site is optimized with the Yoast SEO plugin v28.3 - https:\/\/yoast.com\/product\/yoast-seo-wordpress\/ -->\n<title>PGD FRAG Tactical Vest | Protection Group Denmark | MSS Defence | MSS Defence<\/title>\n<meta name=\"description\" content=\"The PGD FRAG vest for military and security personnel. STANAG2920 \u00b7 NIJ IIIA \u00b7 Customisable front. Enquire at MSS Defence.\" \/>\n<meta name=\"robots\" content=\"index, follow, max-snippet:-1, max-image-preview:large, max-video-preview:-1\" \/>\n<link rel=\"canonical\" href=\"https:\/\/mssdefence.com\/hu\/termek\/pgd-frag-taktikai-melleny\/\" \/>\n<meta property=\"og:locale\" content=\"hu_HU\" \/>\n<meta property=\"og:type\" content=\"article\" \/>\n<meta property=\"og:title\" content=\"PGD FRAG Tactical Vest | Protection Group Denmark | MSS Defence | MSS Defence\" \/>\n<meta property=\"og:description\" content=\"The PGD FRAG vest for military and security personnel. STANAG2920 \u00b7 NIJ IIIA \u00b7 Customisable front. Enquire at MSS Defence.\" \/>\n<meta property=\"og:url\" content=\"https:\/\/mssdefence.com\/hu\/termek\/pgd-frag-taktikai-melleny\/\" \/>\n<meta property=\"og:site_name\" content=\"MSS Defence\" \/>\n<meta property=\"article:modified_time\" content=\"2026-04-13T09:43:39+00:00\" \/>\n<meta property=\"og:image\" content=\"https:\/\/mssdefence.com\/wp-content\/uploads\/2024\/01\/PROT_PDG_BAH_011_A.webp\" \/>\n\t<meta property=\"og:image:width\" content=\"1500\" \/>\n\t<meta property=\"og:image:height\" content=\"1500\" \/>\n\t<meta property=\"og:image:type\" content=\"image\/webp\" \/>\n<meta name=\"twitter:card\" content=\"summary_large_image\" \/>\n<meta name=\"twitter:label1\" content=\"Becs\u00fclt olvas\u00e1si id\u0151\" \/>\n\t<meta name=\"twitter:data1\" content=\"2 perc\" \/>\n<script type=\"application\/ld+json\" class=\"yoast-schema-graph\">{\"@context\":\"https:\\\/\\\/schema.org\",\"@graph\":[{\"@type\":\"WebPage\",\"@id\":\"https:\\\/\\\/mssdefence.com\\\/product\\\/pgd-frag-tactical-vest\\\/\",\"url\":\"https:\\\/\\\/mssdefence.com\\\/product\\\/pgd-frag-tactical-vest\\\/\",\"name\":\"PGD FRAG Tactical Vest | Protection Group Denmark | MSS Defence | MSS Defence\",\"isPartOf\":{\"@id\":\"https:\\\/\\\/mssdefence.com\\\/#website\"},\"primaryImageOfPage\":{\"@id\":\"https:\\\/\\\/mssdefence.com\\\/product\\\/pgd-frag-tactical-vest\\\/#primaryimage\"},\"image\":{\"@id\":\"https:\\\/\\\/mssdefence.com\\\/product\\\/pgd-frag-tactical-vest\\\/#primaryimage\"},\"thumbnailUrl\":\"https:\\\/\\\/mssdefence.com\\\/wp-content\\\/uploads\\\/2024\\\/01\\\/PROT_PDG_BAH_011_A.webp\",\"datePublished\":\"2024-02-06T14:52:04+00:00\",\"dateModified\":\"2026-04-13T09:43:39+00:00\",\"description\":\"The PGD FRAG vest for military and security personnel. STANAG2920 \u00b7 NIJ IIIA \u00b7 Customisable front. Enquire at MSS Defence.\",\"breadcrumb\":{\"@id\":\"https:\\\/\\\/mssdefence.com\\\/product\\\/pgd-frag-tactical-vest\\\/#breadcrumb\"},\"inLanguage\":\"hu\",\"potentialAction\":[{\"@type\":\"ReadAction\",\"target\":[\"https:\\\/\\\/mssdefence.com\\\/product\\\/pgd-frag-tactical-vest\\\/\"]}]},{\"@type\":\"ImageObject\",\"inLanguage\":\"hu\",\"@id\":\"https:\\\/\\\/mssdefence.com\\\/product\\\/pgd-frag-tactical-vest\\\/#primaryimage\",\"url\":\"https:\\\/\\\/mssdefence.com\\\/wp-content\\\/uploads\\\/2024\\\/01\\\/PROT_PDG_BAH_011_A.webp\",\"contentUrl\":\"https:\\\/\\\/mssdefence.com\\\/wp-content\\\/uploads\\\/2024\\\/01\\\/PROT_PDG_BAH_011_A.webp\",\"width\":1500,\"height\":1500,\"caption\":\"PGD FRAG Tactical Vest front view, camouflage pattern, shoulder straps.\"},{\"@type\":\"BreadcrumbList\",\"@id\":\"https:\\\/\\\/mssdefence.com\\\/product\\\/pgd-frag-tactical-vest\\\/#breadcrumb\",\"itemListElement\":[{\"@type\":\"ListItem\",\"position\":1,\"name\":\"Home\",\"item\":\"https:\\\/\\\/mssdefence.com\\\/\"},{\"@type\":\"ListItem\",\"position\":2,\"name\":\"Catalogue NEW\",\"item\":\"https:\\\/\\\/mssdefence.com\\\/catalogue-new\\\/\"},{\"@type\":\"ListItem\",\"position\":3,\"name\":\"PGD FRAG Tactical Vest | Protection Group Denmark | MSS Defence\"}]},{\"@type\":\"WebSite\",\"@id\":\"https:\\\/\\\/mssdefence.com\\\/#website\",\"url\":\"https:\\\/\\\/mssdefence.com\\\/\",\"name\":\"MSS Defence\",\"description\":\"\",\"potentialAction\":[{\"@type\":\"SearchAction\",\"target\":{\"@type\":\"EntryPoint\",\"urlTemplate\":\"https:\\\/\\\/mssdefence.com\\\/?s={search_term_string}\"},\"query-input\":{\"@type\":\"PropertyValueSpecification\",\"valueRequired\":true,\"valueName\":\"search_term_string\"}}],\"inLanguage\":\"hu\"}]}<\/script>\n<!-- \/ Yoast SEO plugin. -->","yoast_head_json":{"title":"PGD FRAG taktikai mell\u00e9ny | Protection Group Denmark | MSS Defence | MSS Defence | MSS Defence","description":"A PGD FRAG mell\u00e9ny katonai \u00e9s biztons\u00e1gi szem\u00e9lyzet sz\u00e1m\u00e1ra. STANAG2920 - NIJ IIIA - Testreszabhat\u00f3 el\u0151lap. \u00c9rdekl\u0151dj\u00f6n az MSS Defence-n\u00e9l.","robots":{"index":"index","follow":"follow","max-snippet":"max-snippet:-1","max-image-preview":"max-image-preview:large","max-video-preview":"max-video-preview:-1"},"canonical":"https:\/\/mssdefence.com\/hu\/termek\/pgd-frag-taktikai-melleny\/","og_locale":"hu_HU","og_type":"article","og_title":"PGD FRAG Tactical Vest | Protection Group Denmark | MSS Defence | MSS Defence","og_description":"The PGD FRAG vest for military and security personnel. STANAG2920 \u00b7 NIJ IIIA \u00b7 Customisable front. Enquire at MSS Defence.","og_url":"https:\/\/mssdefence.com\/hu\/termek\/pgd-frag-taktikai-melleny\/","og_site_name":"MSS Defence","article_modified_time":"2026-04-13T09:43:39+00:00","og_image":[{"width":1500,"height":1500,"url":"https:\/\/mssdefence.com\/wp-content\/uploads\/2024\/01\/PROT_PDG_BAH_011_A.webp","type":"image\/webp"}],"twitter_card":"summary_large_image","twitter_misc":{"Becs\u00fclt olvas\u00e1si id\u0151":"2 perc"},"schema":{"@context":"https:\/\/schema.org","@graph":[{"@type":"WebPage","@id":"https:\/\/mssdefence.com\/product\/pgd-frag-tactical-vest\/","url":"https:\/\/mssdefence.com\/product\/pgd-frag-tactical-vest\/","name":"PGD FRAG taktikai mell\u00e9ny | Protection Group Denmark | MSS Defence | MSS Defence | MSS Defence","isPartOf":{"@id":"https:\/\/mssdefence.com\/#website"},"primaryImageOfPage":{"@id":"https:\/\/mssdefence.com\/product\/pgd-frag-tactical-vest\/#primaryimage"},"image":{"@id":"https:\/\/mssdefence.com\/product\/pgd-frag-tactical-vest\/#primaryimage"},"thumbnailUrl":"https:\/\/mssdefence.com\/wp-content\/uploads\/2024\/01\/PROT_PDG_BAH_011_A.webp","datePublished":"2024-02-06T14:52:04+00:00","dateModified":"2026-04-13T09:43:39+00:00","description":"A PGD FRAG mell\u00e9ny katonai \u00e9s biztons\u00e1gi szem\u00e9lyzet sz\u00e1m\u00e1ra. STANAG2920 - NIJ IIIA - Testreszabhat\u00f3 el\u0151lap. \u00c9rdekl\u0151dj\u00f6n az MSS Defence-n\u00e9l.","breadcrumb":{"@id":"https:\/\/mssdefence.com\/product\/pgd-frag-tactical-vest\/#breadcrumb"},"inLanguage":"hu","potentialAction":[{"@type":"ReadAction","target":["https:\/\/mssdefence.com\/product\/pgd-frag-tactical-vest\/"]}]},{"@type":"ImageObject","inLanguage":"hu","@id":"https:\/\/mssdefence.com\/product\/pgd-frag-tactical-vest\/#primaryimage","url":"https:\/\/mssdefence.com\/wp-content\/uploads\/2024\/01\/PROT_PDG_BAH_011_A.webp","contentUrl":"https:\/\/mssdefence.com\/wp-content\/uploads\/2024\/01\/PROT_PDG_BAH_011_A.webp","width":1500,"height":1500,"caption":"PGD FRAG Tactical Vest front view, camouflage pattern, shoulder straps."},{"@type":"BreadcrumbList","@id":"https:\/\/mssdefence.com\/product\/pgd-frag-tactical-vest\/#breadcrumb","itemListElement":[{"@type":"ListItem","position":1,"name":"Home","item":"https:\/\/mssdefence.com\/"},{"@type":"ListItem","position":2,"name":"Catalogue NEW","item":"https:\/\/mssdefence.com\/catalogue-new\/"},{"@type":"ListItem","position":3,"name":"PGD FRAG Tactical Vest | Protection Group Denmark | MSS Defence"}]},{"@type":"WebSite","@id":"https:\/\/mssdefence.com\/#website","url":"https:\/\/mssdefence.com\/","name":"MSS V\u00e9delem","description":"","potentialAction":[{"@type":"SearchAction","target":{"@type":"EntryPoint","urlTemplate":"https:\/\/mssdefence.com\/?s={search_term_string}"},"query-input":{"@type":"PropertyValueSpecification","valueRequired":true,"valueName":"search_term_string"}}],"inLanguage":"hu"}]}},"_links":{"self":[{"href":"https:\/\/mssdefence.com\/hu\/wp-json\/wp\/v2\/product\/5051","targetHints":{"allow":["GET"]}}],"collection":[{"href":"https:\/\/mssdefence.com\/hu\/wp-json\/wp\/v2\/product"}],"about":[{"href":"https:\/\/mssdefence.com\/hu\/wp-json\/wp\/v2\/types\/product"}],"replies":[{"embeddable":true,"href":"https:\/\/mssdefence.com\/hu\/wp-json\/wp\/v2\/comments?post=5051"}],"wp:featuredmedia":[{"embeddable":true,"href":"https:\/\/mssdefence.com\/hu\/wp-json\/wp\/v2\/media\/5177"}],"wp:attachment":[{"href":"https:\/\/mssdefence.com\/hu\/wp-json\/wp\/v2\/media?parent=5051"}],"wp:term":[{"taxonomy":"product_brand","embeddable":true,"href":"https:\/\/mssdefence.com\/hu\/wp-json\/wp\/v2\/product_brand?post=5051"},{"taxonomy":"product_cat","embeddable":true,"href":"https:\/\/mssdefence.com\/hu\/wp-json\/wp\/v2\/product_cat?post=5051"},{"taxonomy":"product_tag","embeddable":true,"href":"https:\/\/mssdefence.com\/hu\/wp-json\/wp\/v2\/product_tag?post=5051"}],"curies":[{"name":"wp","href":"https:\/\/api.w.org\/{rel}","templated":true}]}}